{"id":8497,"date":"2023-11-10T14:45:54","date_gmt":"2023-11-10T12:45:54","guid":{"rendered":"https:\/\/ledfertyl.eu\/actualitat\/"},"modified":"2024-01-24T11:19:16","modified_gmt":"2024-01-24T09:19:16","slug":"actualitat","status":"publish","type":"page","link":"https:\/\/ledfertyl.eu\/ca\/actualitat\/","title":{"rendered":"Actualitat"},"content":{"rendered":"\n<style type=\"text\/css\" data-created_by=\"avia_inline_auto\" id=\"style-css-av-pknpv-e821ae6cbcf6241413419b5b0ebe6b6a\">\n#top .av-special-heading.av-pknpv-e821ae6cbcf6241413419b5b0ebe6b6a{\npadding-bottom:0;\n}\nbody .av-special-heading.av-pknpv-e821ae6cbcf6241413419b5b0ebe6b6a .av-special-heading-tag .heading-char{\nfont-size:25px;\n}\n.av-special-heading.av-pknpv-e821ae6cbcf6241413419b5b0ebe6b6a .av-subheading{\nfont-size:15px;\n}\n<\/style>\n<div  class='av-special-heading av-pknpv-e821ae6cbcf6241413419b5b0ebe6b6a av-special-heading-h1 blockquote modern-quote  avia-builder-el-0  el_before_av_one_full  avia-builder-el-first '><h1 class='av-special-heading-tag'  itemprop=\"headline\"  > Actualitat<\/h1><div class=\"special-heading-border\"><div class=\"special-heading-inner-border\"><\/div><\/div><\/div>\n\n<style type=\"text\/css\" data-created_by=\"avia_inline_auto\" id=\"style-css-av-mpgfv-1d6a0b70899a1ed83c734122c258295d\">\n.flex_column.av-mpgfv-1d6a0b70899a1ed83c734122c258295d{\nborder-radius:0px 0px 0px 0px;\npadding:0px 0px 0px 0px;\n}\n<\/style>\n<div  class='flex_column av-mpgfv-1d6a0b70899a1ed83c734122c258295d av_one_full  avia-builder-el-1  el_after_av_heading  el_before_av_one_full  first flex_column_div av-zero-column-padding  '     ><section  class='av_textblock_section av-g0e77-c0de7d776f4ad62e0541fbe1cc851df1 '   itemscope=\"itemscope\" itemtype=\"https:\/\/schema.org\/CreativeWork\" ><div class='avia_textblock'  itemprop=\"text\" ><p style=\"text-align: justify;\">En aquest apartat trobareu les darreres not\u00edcies relacionades amb el projecte:<\/p>\n<div class=\"block social-share__wrapper\">\n<div class=\"social-share\">\n<div class=\"social-share__item social-share__email\"><\/div>\n<\/div>\n<\/div>\n<\/div><\/section><\/div>\n\n<style type=\"text\/css\" data-created_by=\"avia_inline_auto\" id=\"style-css-av-l4z9f-beea5c9c16fcc9ba98d626ba3af4676c\">\n.flex_column.av-l4z9f-beea5c9c16fcc9ba98d626ba3af4676c{\nborder-radius:0px 0px 0px 0px;\npadding:0px 0px 0px 0px;\n}\n<\/style>\n<div  class='flex_column av-l4z9f-beea5c9c16fcc9ba98d626ba3af4676c av_one_full  avia-builder-el-3  el_after_av_one_full  el_before_av_video  first flex_column_div av-zero-column-padding  column-top-margin'     ><section  class='av_textblock_section av-lps3af83-97d716c85610632b4147a81a8d1a5f80 '   itemscope=\"itemscope\" itemtype=\"https:\/\/schema.org\/CreativeWork\" ><div class='avia_textblock'  itemprop=\"text\" ><p><strong>Entrevista al Dr. Albert Salas-Huetos<br \/>\n<\/strong><span class=\"yt-core-attributed-string yt-core-attributed-string--white-space-pre-wrap\"><span class=\"yt-core-attributed-string--link-inherit-color\">En els darrers anys, la infertilitat masculina ha anat augmentant, per\u00f2 \u00e9s desconeix quin \u00e9s la causa. Per aix\u00f2, els investigadors de la Unitat de Nutrici\u00f3 de la Universitat Rovira i Virgili volen descobrir l&#8217;origen d&#8217;aquesta problem\u00e0tica i demanen la col\u00b7laboraci\u00f3 ciutadana.<\/span><\/span><\/p>\n<header class=\"article__header\"><\/header>\n<div class=\"block social-share__wrapper\">\n<div class=\"social-share\">\n<div class=\"social-share__item social-share__email\"><\/div>\n<\/div>\n<\/div>\n<\/div><\/section><\/div><div  class='avia-video av-lps3hdyr-cfdff1282e9c443bdf1095c48717ebff avia-video-16-9 av-no-preview-image avia-video-load-always av-lazyload-immediate av-lazyload-video-embed'  itemprop=\"video\" itemtype=\"https:\/\/schema.org\/VideoObject\"  data-original_url='https:\/\/www.youtube.com\/watch?v=sX5WQi7IHUg'><script type='text\/html' class='av-video-tmpl'><div class='avia-iframe-wrap'><iframe loading=\"lazy\" title=\"Lluitar contra la infertilitat masculina amb FedFertyl\" width=\"1500\" height=\"844\" src=\"https:\/\/www.youtube.com\/embed\/sX5WQi7IHUg?feature=oembed&autoplay=0&loop=0&controls=1&mute=0\" frameborder=\"0\" allow=\"accelerometer; autoplay; clipboard-write; encrypted-media; gyroscope; picture-in-picture; web-share\" allowfullscreen><\/iframe><\/div><\/script><div class='av-click-to-play-overlay'><div class=\"avia_playpause_icon\"><\/div><\/div><\/div><\/p>\n\n<style type=\"text\/css\" data-created_by=\"avia_inline_auto\" id=\"style-css-av-amlcj-95a5ab1a842c3f565a0c7c230981a056\">\n.flex_column.av-amlcj-95a5ab1a842c3f565a0c7c230981a056{\nborder-radius:0px 0px 0px 0px;\npadding:0px 0px 0px 0px;\n}\n<\/style>\n<div  class='flex_column av-amlcj-95a5ab1a842c3f565a0c7c230981a056 av_one_full  avia-builder-el-6  el_after_av_video  el_before_av_one_third  first flex_column_div av-zero-column-padding  '     ><section  class='av_textblock_section av-lps3f46d-2e4bf86309e670e2e96a55ce60bc1a4b '   itemscope=\"itemscope\" itemtype=\"https:\/\/schema.org\/CreativeWork\" ><div class='avia_textblock'  itemprop=\"text\" ><p>Durant els darrers anys, s&#8217;ha parlat molt de <strong>quin \u00e9s l&#8217;impacte que la contaminaci\u00f3 ambiental que envolta el Camp de Tarragona provoca la salut de les persones.<\/strong> I tamb\u00e9 s&#8217;ha parlat molt de la seva relaci\u00f3 directa amb la infertilitat. No obstant aix\u00f2, el que fins ara era un simple rumor podria comen\u00e7ar a tenir estudis que ho demostrin. I, justament, aquest \u00e9s l&#8217;objectiu de <strong>LedFertyl<\/strong> .<\/p>\n<p><strong>El 25% de les parelles tenen problemes a l&#8217;hora de tenir fills.<\/strong><br \/>\nSegons l&#8217;Organitzaci\u00f3 Mundial de la Salut (OMS), <strong>una de cada quatre parells t\u00e9 algun tipus de problema a l&#8217;hora de tenir fills<\/strong> . De fet, <strong>la infertilitat afecta, aproximadament, el 15% de la poblaci\u00f3 mundial<\/strong> , sent els factors masculins els responsables de gaireb\u00e9 el 50% dels casos.<\/p>\n<p>En els darrers 40 anys, <strong>els problemes d&#8217;infertilitat en homes estan augmentant<\/strong> , per\u00f2 se&#8217;n desconeixen les causes. &#8220;La qualitat esperm\u00e0tica, sobretot als pa\u00efsos desenvolupats i industrialitzats, ha disminu\u00eft en un 40%&#8221;, assegura l&#8217;investigador de Harvard i col\u00b7laborador de l&#8217;estudi, <strong>Albert Salas<\/strong> , i afegeix que aquesta situaci\u00f3 a la pr\u00e0ctica &#8220;significa que les parelles tenen m\u00e9s dificultats a l&#8217;hora de tenir fills\u201d.<\/p>\n<p><strong>LedFertyl, un estudi internacional d&#8217;origen reusenc. <\/strong>Una problem\u00e0tica sobre la qual els investigadors de la Unitat de Nutrici\u00f3 de la Universitat Rovira i Virgili volen posar fi. I ho volen fer amb el LedFertyl. Un <strong>estudi internacional que s&#8217;inicia a Reus i que es replicar\u00e0, posteriorment, a Girona, a Mallorca, als Estats Units ia Pol\u00f2nia<\/strong> , i on <strong>hi participaran un total de 600 voluntaris<\/strong> amb l&#8217;objectiu de demostrar que la contaminaci\u00f3 ambiental, aix\u00ed com l&#8217;estil de vida afectin la qualitat de l&#8217;esperma.<\/p>\n<p>Gr\u00e0cies a aquest estudi, i segons la investigadora de la Unitat de Nutrici\u00f3 Humana de la URV, <strong>Maria Fern\u00e1ndez<\/strong> , \u201ces podr\u00e0 millorar la situaci\u00f3 en qu\u00e8 es troben moltes parelles a l&#8217;hora de tenir fills\u201d i que a hores d&#8217;ara\u201d desconeixen qu\u00e8 \u00e9s el que els hi passa\u201d.<\/p>\n<p>Es demana la col\u00b7laboraci\u00f3 ciutadana<br \/>\nPer fer-ho, els investigadors demanen la col\u00b7laboraci\u00f3 d&#8217;un centenar d&#8217; <strong>homes d&#8217;entre 18 i 40 anys<\/strong> que volen ajudar la ci\u00e8ncia. Nom\u00e9s es demana que omplin un formulari i realitzin una \u00fanica visita m\u00e8dica.<\/p>\n<p><strong>Per a m\u00e9s informaci\u00f3<\/strong> podeu trucar al <strong>977 75 93 11<\/strong> o enviar un correu electr\u00f2nic a <strong>ledfertyl.nutricio@urv.cat<\/strong><\/p>\n<header class=\"article__header\"><\/header>\n<div class=\"block social-share__wrapper\">\n<div class=\"social-share\">\n<div class=\"social-share__item social-share__email\"><\/div>\n<\/div>\n<\/div>\n<\/div><\/section><\/div>\n\n<style type=\"text\/css\" data-created_by=\"avia_inline_auto\" id=\"style-css-av-23h0r-04b673ca67a408a5fecbcdae5d059e83\">\n.flex_column.av-23h0r-04b673ca67a408a5fecbcdae5d059e83{\nborder-radius:0px 0px 0px 0px;\npadding:0px 0px 0px 0px;\n}\n<\/style>\n<div  class='flex_column av-23h0r-04b673ca67a408a5fecbcdae5d059e83 av_one_third  avia-builder-el-8  el_after_av_one_full  el_before_av_hr  first flex_column_div av-zero-column-padding  column-top-margin'     ><section  class='av_textblock_section av-lrrkej5d-06654a5ad9aebb1425a29dbdb48812c4 '   itemscope=\"itemscope\" itemtype=\"https:\/\/schema.org\/CreativeWork\" ><div class='avia_textblock'  itemprop=\"text\" ><header class=\"article__header\">\n<p class=\"article__date\"><strong><span style=\"font-size: 36pt;\">2023<\/span><\/strong><\/p>\n<\/header>\n<div class=\"block social-share__wrapper\">\n<div class=\"social-share\">\n<div class=\"social-share__item social-share__email\"><\/div>\n<\/div>\n<\/div>\n<\/div><\/section><\/div>\n<div  class='hr av-jxwc3-391f83477987634526469fe55a7d3234 hr-default  avia-builder-el-10  el_after_av_one_third  el_before_av_one_third '><span class='hr-inner '><span class=\"hr-inner-style\"><\/span><\/span><\/div>\n\n<style type=\"text\/css\" data-created_by=\"avia_inline_auto\" id=\"style-css-av-okaaz-986e60a958ed872feb6bf448f3d1cc88\">\n.flex_column.av-okaaz-986e60a958ed872feb6bf448f3d1cc88{\nborder-radius:0px 0px 0px 0px;\npadding:0px 0px 0px 0px;\n}\n<\/style>\n<div  class='flex_column av-okaaz-986e60a958ed872feb6bf448f3d1cc88 av_one_third  avia-builder-el-11  el_after_av_hr  el_before_av_two_third  first flex_column_div av-zero-column-padding  '     ><section  class='av_textblock_section av-lps3pfsk-f6c00b2c23744c8f51ad4f0c7df7fe8f '   itemscope=\"itemscope\" itemtype=\"https:\/\/schema.org\/CreativeWork\" ><div class='avia_textblock'  itemprop=\"text\" ><p><img loading=\"lazy\" decoding=\"async\" class=\"alignnone wp-image-8785 size-medium\" src=\"https:\/\/ledfertyl.eu\/wp-content\/uploads\/2023\/12\/steven-van-loy-oUhSla4L_98-unsplash-1024x683-1-300x200.jpg\" alt=\"\" width=\"300\" height=\"200\" srcset=\"https:\/\/ledfertyl.eu\/wp-content\/uploads\/2023\/12\/steven-van-loy-oUhSla4L_98-unsplash-1024x683-1-300x200.jpg 300w, https:\/\/ledfertyl.eu\/wp-content\/uploads\/2023\/12\/steven-van-loy-oUhSla4L_98-unsplash-1024x683-1-768x512.jpg 768w, https:\/\/ledfertyl.eu\/wp-content\/uploads\/2023\/12\/steven-van-loy-oUhSla4L_98-unsplash-1024x683-1-705x470.jpg 705w, https:\/\/ledfertyl.eu\/wp-content\/uploads\/2023\/12\/steven-van-loy-oUhSla4L_98-unsplash-1024x683-1.jpg 1024w\" sizes=\"auto, (max-width: 300px) 100vw, 300px\" \/><\/p>\n<p><a href=\"https:\/\/diaridigital.urv.cat\/contaminants-organics-en-lesperma\/?tv=sp\">llegir m\u00e9s sobre la not\u00edcia<\/a><\/p>\n<header class=\"article__header\"><\/header>\n<div class=\"block social-share__wrapper\">\n<div class=\"social-share\">\n<div class=\"social-share__item social-share__email\"><\/div>\n<\/div>\n<\/div>\n<\/div><\/section><\/div>\n\n<style type=\"text\/css\" data-created_by=\"avia_inline_auto\" id=\"style-css-av-fmcsr-7da5b29316ae6536f3caca0df99bb044\">\n.flex_column.av-fmcsr-7da5b29316ae6536f3caca0df99bb044{\nborder-radius:0px 0px 0px 0px;\npadding:0px 0px 0px 0px;\n}\n<\/style>\n<div  class='flex_column av-fmcsr-7da5b29316ae6536f3caca0df99bb044 av_two_third  avia-builder-el-13  el_after_av_one_third  el_before_av_one_third  flex_column_div av-zero-column-padding  '     ><section  class='av_textblock_section av-9dr5f-527f23957c0f627f54204ed51dfc2f1e '   itemscope=\"itemscope\" itemtype=\"https:\/\/schema.org\/CreativeWork\" ><div class='avia_textblock'  itemprop=\"text\" ><p>Font: Diari Digital URV- 21\/11\/2023<br \/>\n<strong>UN ESTUDI DETECTA CONTAMINANTS ORG\u00c0NICS A L&#8217;ESPERMA D&#8217;HOMES SANS<\/strong><br \/>\n<a class=\"external\" href=\"https:\/\/diaridigital.urv.cat\/contaminants-organics-en-lesperma\/?tv=sp\" target=\"_blank\" rel=\"external noopener\">https:\/\/diaridigital.urv.cat\/contaminants-organics-en-lesperma\/?tv=sp<\/a><br \/>\nUna metodologia innovadora desenvolupada per l&#8217;IDAEA-CSIC i la Universitat Rovira i Virgili analitza m\u00e9s de 2.000 compostos qu\u00edmics potencialment nocius per fertilitat masculina.<\/p>\n<p><strong>Refer\u00e8ncia bibliogr\u00e0fica:<\/strong><br \/>\nS\u00e1nchez-Resino E, Marqu\u00e8s M, Guti\u00e9rrez-Mart\u00edn D, Restrepo-Montes E, Mart\u00ednez M\u00c1, Sales-Huets A, Bavi N, Sales-Salvad\u00f3 J, Gil-Solsona R, Gago-Ferrero P. Exploraci\u00f3 d&#8217;Occurrence of Organic Contaminants in Human Semen mitjan\u00e7ant Innovative LC-HRMS-Based Methodology Suitable for Target and Nontarget Analysis. <strong>Van enviar Sci Technol.<\/strong> 2023 Nov 7. doi: 10.1021\/acs.est.3c04347. Epub ahead of print. PMID: 37934628. <a class=\"external\" href=\"https:\/\/pubs.acs.org\/doi\/full\/10.1021\/acs.est.3c04347\" target=\"_blank\" rel=\"external noopener\">https:\/\/pubs.acs.org\/doi\/full\/10.1021\/acs.est.3c04347<\/a><br \/>\n<a class=\"external\" href=\"https:\/\/pubmed.ncbi.nlm.nih.gov\/37934628\/\" target=\"_blank\" rel=\"external noopener\">https:\/\/pubmed.ncbi.nlm.nih.gov\/37934628\/<\/a><\/p>\n<\/div><\/section><\/div>\n\n<style type=\"text\/css\" data-created_by=\"avia_inline_auto\" id=\"style-css-av-d4muz-3403aa5c610c62d7026074f7a26c2307\">\n.flex_column.av-d4muz-3403aa5c610c62d7026074f7a26c2307{\nborder-radius:0px 0px 0px 0px;\npadding:0px 0px 0px 0px;\n}\n<\/style>\n<div  class='flex_column av-d4muz-3403aa5c610c62d7026074f7a26c2307 av_one_third  avia-builder-el-15  el_after_av_two_third  el_before_av_hr  first flex_column_div av-zero-column-padding  column-top-margin'     ><section  class='av_textblock_section av-lrrkdqud-a62e9b425a7437676b203ec5840919ee '   itemscope=\"itemscope\" itemtype=\"https:\/\/schema.org\/CreativeWork\" ><div class='avia_textblock'  itemprop=\"text\" ><header class=\"article__header\">\n<p class=\"article__date\"><strong><span style=\"font-size: 36pt;\">2022<\/span><\/strong><\/p>\n<\/header>\n<div class=\"block social-share__wrapper\">\n<div class=\"social-share\">\n<div class=\"social-share__item social-share__email\"><\/div>\n<\/div>\n<\/div>\n<\/div><\/section><\/div>\n<div  class='hr av-lwnej-afc7024c0507a2f979ed616fb16f9330 hr-default  avia-builder-el-17  el_after_av_one_third  el_before_av_two_third '><span class='hr-inner '><span class=\"hr-inner-style\"><\/span><\/span><\/div>\n\n<style type=\"text\/css\" data-created_by=\"avia_inline_auto\" id=\"style-css-av-h0gt7-0856ec44fec1e6403958a3780feba910\">\n.flex_column.av-h0gt7-0856ec44fec1e6403958a3780feba910{\nborder-radius:0px 0px 0px 0px;\npadding:0px 0px 0px 0px;\n}\n<\/style>\n<div  class='flex_column av-h0gt7-0856ec44fec1e6403958a3780feba910 av_two_third  avia-builder-el-18  el_after_av_hr  el_before_av_one_third  first flex_column_div av-zero-column-padding  '     ><section  class='av_textblock_section av-79ziz-3b5029c17080f81bda92ca7fbec34c2c '   itemscope=\"itemscope\" itemtype=\"https:\/\/schema.org\/CreativeWork\" ><div class='avia_textblock'  itemprop=\"text\" ><p><strong>Font: Diari M\u00e9s Digita<\/strong> l \u2013 11\/10\/2022 (Cristina Serret)<br \/>\n<strong>Busquem voluntaris d&#8217;edats entre els 18 i els 40 anys per fer un estudi sobre la qualitat de l&#8217;esperma<\/strong><br \/>\n La URV i la Fundaci\u00f3 Pere Virgili volen analitzar la influ\u00e8ncia en la fertilitat de factors com ara l&#8217;ambient o l&#8217;estil de vida<br \/>\n<a href=\"https:\/\/www.diarimes.com\/es\/noticias\/tarragona\/2022\/10\/11\/ambient_estil_vida_afecten_fertilitat_128720_1091.html\">https:\/\/www.diarimes.com\/es\/noticias\/tarragona\/2022\/10\/11\/ambient_estil_vida_afecten_fertilitat_128720_1091.html<\/a><\/p>\n<header class=\"article__header\"><\/header>\n<div class=\"block social-share__wrapper\">\n<div class=\"social-share\">\n<div class=\"social-share__item social-share__email\"><\/div>\n<\/div>\n<\/div>\n<\/div><\/section><\/div>\n\n<style type=\"text\/css\" data-created_by=\"avia_inline_auto\" id=\"style-css-av-8yopn-faad195fd99d635dee16422f789cc667\">\n.flex_column.av-8yopn-faad195fd99d635dee16422f789cc667{\nborder-radius:0px 0px 0px 0px;\npadding:0px 0px 0px 0px;\n}\n<\/style>\n<div  class='flex_column av-8yopn-faad195fd99d635dee16422f789cc667 av_one_third  avia-builder-el-20  el_after_av_two_third  el_before_av_hr  flex_column_div av-zero-column-padding  '     ><section  class='av_textblock_section av-ln8n4u0s-42eef659aa76802ff7c9a24f9a015a7b '   itemscope=\"itemscope\" itemtype=\"https:\/\/schema.org\/CreativeWork\" ><div class='avia_textblock'  itemprop=\"text\" ><p><img loading=\"lazy\" decoding=\"async\" class=\"alignnone size-medium wp-image-8246 aligncenter\" src=\"https:\/\/ledfertyl.eu\/wp-content\/uploads\/2023\/09\/new1-300x171.jpg\" alt=\"\" width=\"300\" height=\"171\" srcset=\"https:\/\/ledfertyl.eu\/wp-content\/uploads\/2023\/09\/new1-300x171.jpg 300w, https:\/\/ledfertyl.eu\/wp-content\/uploads\/2023\/09\/new1-768x438.jpg 768w, https:\/\/ledfertyl.eu\/wp-content\/uploads\/2023\/09\/new1-705x402.jpg 705w, https:\/\/ledfertyl.eu\/wp-content\/uploads\/2023\/09\/new1.jpg 953w\" sizes=\"auto, (max-width: 300px) 100vw, 300px\" \/><\/p>\n<p style=\"text-align: center;\">Els doctors Nancy Babio i Albert Salas-Huetos.<br \/>\n<a href=\"https:\/\/www.diarimes.com\/es\/noticias\/tarragona\/2022\/10\/11\/ambient_estil_vida_afecten_fertilitat_128720_1091.html\">Llegir m\u00e9s sobre la not\u00edcia<\/a><\/p>\n<header class=\"article__header\"><\/header>\n<div class=\"block social-share__wrapper\">\n<div class=\"social-share\">\n<div class=\"social-share__item social-share__email\"><\/div>\n<\/div>\n<\/div>\n<\/div><\/section><\/div>\n<div  class='hr av-h9ror-99d23e2bffc8903d759cb7693d10f2a8 hr-default  avia-builder-el-22  el_after_av_one_third  el_before_av_one_third '><span class='hr-inner '><span class=\"hr-inner-style\"><\/span><\/span><\/div>\n\n<style type=\"text\/css\" data-created_by=\"avia_inline_auto\" id=\"style-css-av-pq4j-727debea909ece1e623849b4d9df766e\">\n.flex_column.av-pq4j-727debea909ece1e623849b4d9df766e{\nborder-radius:0px 0px 0px 0px;\npadding:0px 0px 0px 0px;\n}\n<\/style>\n<div  class='flex_column av-pq4j-727debea909ece1e623849b4d9df766e av_one_third  avia-builder-el-23  el_after_av_hr  el_before_av_three_fifth  first flex_column_div av-zero-column-padding  '     ><section  class='av_textblock_section av-ln8n8b5l-cffb0dd7a37ed0e47c07d9a33316add4 '   itemscope=\"itemscope\" itemtype=\"https:\/\/schema.org\/CreativeWork\" ><div class='avia_textblock'  itemprop=\"text\" ><p><img loading=\"lazy\" decoding=\"async\" class=\"alignnone wp-image-8252 size-medium\" src=\"https:\/\/ledfertyl.eu\/wp-content\/uploads\/2023\/09\/new2-300x169.png\" alt=\"\" width=\"300\" height=\"169\" srcset=\"https:\/\/ledfertyl.eu\/wp-content\/uploads\/2023\/09\/new2-300x169.png 300w, https:\/\/ledfertyl.eu\/wp-content\/uploads\/2023\/09\/new2-768x432.png 768w, https:\/\/ledfertyl.eu\/wp-content\/uploads\/2023\/09\/new2-705x396.png 705w, https:\/\/ledfertyl.eu\/wp-content\/uploads\/2023\/09\/new2.png 900w\" sizes=\"auto, (max-width: 300px) 100vw, 300px\" \/><\/p>\n<p><a href=\"https:\/\/www.diaridetarragona.com\/sociedad\/la-infertilidad-masculina-bajo-el-microscopio-20220301-0058-NJDT202203010058\">Llegir m\u00e9s sobre la not\u00edcia<\/a><\/p>\n<header class=\"article__header\"><\/header>\n<div class=\"block social-share__wrapper\">\n<div class=\"social-share\">\n<div class=\"social-share__item social-share__email\"><\/div>\n<\/div>\n<\/div>\n<\/div><\/section><\/div>\n\n<style type=\"text\/css\" data-created_by=\"avia_inline_auto\" id=\"style-css-av-9xepn-15e9e7f6a09e727603dc20366ec85864\">\n.flex_column.av-9xepn-15e9e7f6a09e727603dc20366ec85864{\nborder-radius:0px 0px 0px 0px;\npadding:0px 0px 0px 0px;\n}\n<\/style>\n<div  class='flex_column av-9xepn-15e9e7f6a09e727603dc20366ec85864 av_three_fifth  avia-builder-el-25  el_after_av_one_third  el_before_av_one_third  flex_column_div av-zero-column-padding  '     ><section  class='av_textblock_section av-ln1vkny7-6558c5ef1ccd21b109634f9d484a9c5b '   itemscope=\"itemscope\" itemtype=\"https:\/\/schema.org\/CreativeWork\" ><div class='avia_textblock'  itemprop=\"text\" ><p>Font: Diari de Tarragona \u2013 01\/03\/2022 (S\u00edlvia Forn\u00f3s)<br \/>\n<strong>La infertilitat masculina, sota el microscopi<br \/>\nLa URV\/IISPV cerca voluntaris per analitzar com afecta l&#8217;estil de vida a la qualitat de l&#8217;esperma.<br \/>\n<\/strong>L\u00b4entorn i l\u00b4estil de vida, la contaminaci\u00f3 ambiental, el consum de tabac i\/o alcohol, abs\u00e8ncia d\u00b4activitat f\u00edsica, estr\u00e8s i dietes poc saludables s\u00f3n tots els par\u00e0metres que un grup investigador de la Unitat de Nutrici\u00f3 Humana i del Laboratori de Toxicologia i Salut Ambiental (TecnATox) de la Universitat Rovira i Virgili (URV) i de l&#8217;Institut d&#8217;Investigaci\u00f3 Sanit\u00e0ria Pere Virgili (IISPV) posaran sota el microscopi per analitzar conjuntament com afecten la qualitat de l&#8217;esperma.<br \/>\n<a class=\"external\" href=\"https:\/\/www.diarimes.com\/es\/noticias\/tarragona\/2022\/10\/11\/ambient_estil_vida_afecten_fertilitat_128720_1091.html\" target=\"_blank\" rel=\"external noopener\">https:\/\/www.diaridetarragona.com\/sociedad\/la-infertilidad-masculina-bajo-el-microscopio-20220301-0058-NJDT202203010058<\/a><\/p>\n<header class=\"article__header\"><\/header>\n<div class=\"block social-share__wrapper\">\n<div class=\"social-share\">\n<div class=\"social-share__item social-share__email\"><\/div>\n<\/div>\n<\/div>\n<\/div><\/section><\/div>\n\n<style type=\"text\/css\" data-created_by=\"avia_inline_auto\" id=\"style-css-av-bokmr-eec32366a1f97b7a4682a9f10c4596cc\">\n.flex_column.av-bokmr-eec32366a1f97b7a4682a9f10c4596cc{\nborder-radius:0px 0px 0px 0px;\npadding:0px 0px 0px 0px;\n}\n<\/style>\n<div  class='flex_column av-bokmr-eec32366a1f97b7a4682a9f10c4596cc av_one_third  avia-builder-el-27  el_after_av_three_fifth  el_before_av_hr  first flex_column_div av-zero-column-padding  '     ><section  class='av_textblock_section av-lrrkcnml-00f5d2ae5d440c8202725d31e53178ef '   itemscope=\"itemscope\" itemtype=\"https:\/\/schema.org\/CreativeWork\" ><div class='avia_textblock'  itemprop=\"text\" ><header class=\"article__header\">\n<p class=\"article__date\"><strong><span style=\"font-size: 36pt;\">2021<\/span><\/strong><\/p>\n<\/header>\n<div class=\"block social-share__wrapper\">\n<div class=\"social-share\">\n<div class=\"social-share__item social-share__email\"><\/div>\n<\/div>\n<\/div>\n<\/div><\/section><\/div>\n<div  class='hr av-26wh7-5b96620886ba841f36244d1da1950ade hr-default  avia-builder-el-29  el_after_av_one_third  el_before_av_three_fifth '><span class='hr-inner '><span class=\"hr-inner-style\"><\/span><\/span><\/div>\n\n<style type=\"text\/css\" data-created_by=\"avia_inline_auto\" id=\"style-css-av-bd31v-a4ebf3291c0a048d2a63db4e44e96c4c\">\n.flex_column.av-bd31v-a4ebf3291c0a048d2a63db4e44e96c4c{\nborder-radius:0px 0px 0px 0px;\npadding:0px 0px 0px 0px;\n}\n<\/style>\n<div  class='flex_column av-bd31v-a4ebf3291c0a048d2a63db4e44e96c4c av_three_fifth  avia-builder-el-30  el_after_av_hr  el_before_av_one_third  first flex_column_div av-zero-column-padding  '     ><section  class='av_textblock_section av-lm7u8569-21bc3782ffdc57b8456eae649d52c83a '   itemscope=\"itemscope\" itemtype=\"https:\/\/schema.org\/CreativeWork\" ><div class='avia_textblock'  itemprop=\"text\" ><header class=\"article__header\">Font: Reus Digital &#8211; 15\/10\/2021 &#8211; SOCIETAT ( <span class=\"article__author\">Neus Bertola)<\/span><br \/>\n <strong>El Grup de Recerca de la URV cerca voluntaris al Mercadal<\/strong><br \/>\nEl Grup de Recerca de la Universitat Rovira i Virgili (URV), amb la col\u00b7laboraci\u00f3 de la regidoria de Salut i Ciutadania, ha instal\u00b7lat unes carpes a la pla\u00e7a del Mercadal per aconseguir voluntaris per a dos estudis de recerca. Les carpes estaran col\u00b7locades els dies 15, 21 i 22 d&#8217;octubre, des de les 4 fins a les 7 de la tarda.<br \/>\nEls voluntaris es necessiten per a dos estudis. Per un costat l&#8217;estudi LedFertyl, per al qual busquen homes de 18 a 40 anys. \u00c9s un estudi internacional que vincula l&#8217;estil de vida amb la infertilitat masculina.<br \/>\n<a href=\"https:\/\/reusdigital.cat\/noticies\/reus\/el-grup-dinvestigacio-de-la-urv-busca-voluntaris-al-mercadal\">https:\/\/reusdigital.cat\/noticies\/reus\/el-grup-dinvestigacio-de-la-urv-busca-voluntaris-al-mercadal<\/a><\/p>\n<\/header>\n<div class=\"block social-share__wrapper\">\n<div class=\"social-share\">\n<div class=\"social-share__item social-share__email\"><\/div>\n<\/div>\n<\/div>\n<\/div><\/section><\/div>\n\n<style type=\"text\/css\" data-created_by=\"avia_inline_auto\" id=\"style-css-av-9i3sb-e0bf9128bea3ddae2e5fc7376eba4a19\">\n.flex_column.av-9i3sb-e0bf9128bea3ddae2e5fc7376eba4a19{\nborder-radius:0px 0px 0px 0px;\npadding:0px 0px 0px 0px;\n}\n<\/style>\n<div  class='flex_column av-9i3sb-e0bf9128bea3ddae2e5fc7376eba4a19 av_one_third  avia-builder-el-32  el_after_av_three_fifth  el_before_av_hr  flex_column_div av-zero-column-padding  '     ><section  class='av_textblock_section av-ln8naef4-36e42c1a7a4cfdd805500395faa66d41 '   itemscope=\"itemscope\" itemtype=\"https:\/\/schema.org\/CreativeWork\" ><div class='avia_textblock'  itemprop=\"text\" ><p style=\"text-align: center;\"><img loading=\"lazy\" decoding=\"async\" class=\"alignnone wp-image-8256 size-medium\" src=\"https:\/\/ledfertyl.eu\/wp-content\/uploads\/2023\/09\/new3-300x225.jpg\" alt=\"\" width=\"300\" height=\"225\" srcset=\"https:\/\/ledfertyl.eu\/wp-content\/uploads\/2023\/09\/new3-300x225.jpg 300w, https:\/\/ledfertyl.eu\/wp-content\/uploads\/2023\/09\/new3-1030x773.jpg 1030w, https:\/\/ledfertyl.eu\/wp-content\/uploads\/2023\/09\/new3-768x576.jpg 768w, https:\/\/ledfertyl.eu\/wp-content\/uploads\/2023\/09\/new3-705x529.jpg 705w, https:\/\/ledfertyl.eu\/wp-content\/uploads\/2023\/09\/new3.jpg 1117w\" sizes=\"auto, (max-width: 300px) 100vw, 300px\" \/><\/p>\n<p><a href=\"https:\/\/reusdigital.cat\/noticies\/reus\/el-grup-dinvestigacio-de-la-urv-busca-voluntaris-al-mercadal\">https:\/\/reusdigital.cat\/noticies\/reus\/el-grup-dinvestigacio-de-la-urv-busca-voluntaris-al-mercadal<\/a><\/p>\n<header class=\"article__header\"><\/header>\n<div class=\"block social-share__wrapper\">\n<div class=\"social-share\">\n<div class=\"social-share__item social-share__email\"><\/div>\n<\/div>\n<\/div>\n<\/div><\/section><\/div>\n<div  class='hr av-1fecur-7723a6cee7bf51f1dea5efc85d7f37b1 hr-default  avia-builder-el-34  el_after_av_one_third  el_before_av_one_third '><span class='hr-inner '><span class=\"hr-inner-style\"><\/span><\/span><\/div>\n\n<style type=\"text\/css\" data-created_by=\"avia_inline_auto\" id=\"style-css-av-ctqvv-77fbd6e9f95b10ae07a72ff5a8704971\">\n.flex_column.av-ctqvv-77fbd6e9f95b10ae07a72ff5a8704971{\nborder-radius:0px 0px 0px 0px;\npadding:0px 0px 0px 0px;\n}\n<\/style>\n<div  class='flex_column av-ctqvv-77fbd6e9f95b10ae07a72ff5a8704971 av_one_third  avia-builder-el-35  el_after_av_hr  el_before_av_two_third  first flex_column_div av-zero-column-padding  '     ><section  class='av_textblock_section av-72i8j-8f90bb28fe77d3949d17a9d2b362d68c '   itemscope=\"itemscope\" itemtype=\"https:\/\/schema.org\/CreativeWork\" ><div class='avia_textblock'  itemprop=\"text\" ><p><img loading=\"lazy\" decoding=\"async\" class=\"alignnone size-medium wp-image-8256 aligncenter\" src=\"https:\/\/ledfertyl.eu\/wp-content\/uploads\/2023\/09\/new3-300x225.jpg\" alt=\"\" width=\"300\" height=\"225\" srcset=\"https:\/\/ledfertyl.eu\/wp-content\/uploads\/2023\/09\/new3-300x225.jpg 300w, https:\/\/ledfertyl.eu\/wp-content\/uploads\/2023\/09\/new3-1030x773.jpg 1030w, https:\/\/ledfertyl.eu\/wp-content\/uploads\/2023\/09\/new3-768x576.jpg 768w, https:\/\/ledfertyl.eu\/wp-content\/uploads\/2023\/09\/new3-705x529.jpg 705w, https:\/\/ledfertyl.eu\/wp-content\/uploads\/2023\/09\/new3.jpg 1117w\" sizes=\"auto, (max-width: 300px) 100vw, 300px\" \/><\/p>\n<header class=\"article__header\"><\/header>\n<div class=\"block social-share__wrapper\">\n<div class=\"social-share\">\n<div class=\"social-share__item social-share__email\"><\/div>\n<\/div>\n<\/div>\n<\/div><\/section><\/div>\n\n<style type=\"text\/css\" data-created_by=\"avia_inline_auto\" id=\"style-css-av-v3h4j-6f72cec79924cd2adbcef2415586c766\">\n.flex_column.av-v3h4j-6f72cec79924cd2adbcef2415586c766{\nborder-radius:0px 0px 0px 0px;\npadding:0px 0px 0px 0px;\n}\n<\/style>\n<div  class='flex_column av-v3h4j-6f72cec79924cd2adbcef2415586c766 av_two_third  avia-builder-el-37  el_after_av_one_third  el_before_av_hr  flex_column_div av-zero-column-padding  '     ><section  class='av_textblock_section av-ln1w2118-a7cd53eb13992e777e3f189beb0fca9e '   itemscope=\"itemscope\" itemtype=\"https:\/\/schema.org\/CreativeWork\" ><div class='avia_textblock'  itemprop=\"text\" ><header class=\"article__header\">Font: Tots21 &#8211; 14\/10\/2021 <span class=\"article__author\"><br \/>\n<\/span><strong>El Grup de Recerca de la URV demana col\u00b7laboradors amb una carpa al Mercadal<\/strong><br \/>\n El Grup de Recerca de la Universitat Rovira i Virgili, amb la col\u00b7laboraci\u00f3 de la regidoria de Salut i Ciutadania, ha instal\u00b7lat unes carpes a la pla\u00e7a del Mercadal per aconseguir voluntaris per a dos estudis de recerca. Les carpes estaran col\u00b7locades els dies 14, 15, 21 i 22 d&#8217;octubre, des de les 16:00h fins a les 19:00h.<br \/>\nEls voluntaris es necessiten per a dos estudis. Per un costat l&#8217;estudi LedFertyl, per al qual busquen homes de 18 a 40 anys <a href=\"https:\/\/www.youtube.com\/watch?v=VRwrAtC0ZoE.\">.<\/a> \u00c9s un estudi internacional que vincula l&#8217;estil de vida amb la infertilitat masculina.<br \/>\n<a href=\"https:\/\/diaridigital.tarragona21.com\/el-grup-dinvestigacio-de-la-urv-demana-col%C2%B7laboradors-amb-una-carpa-al-mercadal\/\">https:\/\/diaridigital.tarragona21.com\/el-grup-dinvestigacio-de-la-urv-demana-col%C2%B7laboradors-amb-una-carpa-al-mercadal\/<\/a><\/p>\n<\/header>\n<div class=\"block social-share__wrapper\">\n<div class=\"social-share\">\n<div class=\"social-share__item social-share__email\"><\/div>\n<\/div>\n<\/div>\n<\/div><\/section><\/div>\n<div  class='hr av-80wnv-8959399fe7bbdd5ffaad871c18444ea3 hr-default  avia-builder-el-39  el_after_av_two_third  el_before_av_one_full '><span class='hr-inner '><span class=\"hr-inner-style\"><\/span><\/span><\/div>\n\n<style type=\"text\/css\" data-created_by=\"avia_inline_auto\" id=\"style-css-av-q31r7-2c51ba7ef38b1ee37727b4da0a9a3921\">\n.flex_column.av-q31r7-2c51ba7ef38b1ee37727b4da0a9a3921{\nborder-radius:0px 0px 0px 0px;\npadding:0px 0px 0px 0px;\n}\n<\/style>\n<div  class='flex_column av-q31r7-2c51ba7ef38b1ee37727b4da0a9a3921 av_one_full  avia-builder-el-40  el_after_av_hr  el_before_av_one_third  first flex_column_div av-zero-column-padding  '     ><section  class='av_textblock_section av-jeudn-5c0e14b615dddb9ea2fde166795e3daf '   itemscope=\"itemscope\" itemtype=\"https:\/\/schema.org\/CreativeWork\" ><div class='avia_textblock'  itemprop=\"text\" ><header class=\"article__header\">\n<p class=\"article__date\">Font: Canal Reus TV &#8211; 21\/01\/2021 &#8211; SOCIETAT ( <span class=\"article__author\">Neus Bertola)<\/span><br \/>\n <strong>Lluitar contra la infertilitat masculina amb LedFertyl<\/strong><br \/>\n En els darrers anys, la infertilitat masculina ha anat augmentant, per\u00f2 \u00e9s desconeix quin \u00e9s la causa. Per aix\u00f2, els investigadors de la Unitat de Nutrici\u00f3 de la Universitat Rovira i Virgili volen descobrir l&#8217;origen d&#8217;aquesta problem\u00e0tica i demanen la col\u00b7laboraci\u00f3 ciutadana.<br \/>\n<a href=\"https:\/\/www.canalreustv.cat\/noticies\/lluitar-la-infertilitat-masculina-amb-ledfertyl\">https:\/\/www.canalreustv.cat\/noticies\/lluitar-la-infertilitat-masculina-amb-ledfertyl<\/a><\/p>\n<\/header>\n<div class=\"block social-share__wrapper\">\n<div class=\"social-share\">\n<div class=\"social-share__item social-share__email\"><\/div>\n<\/div>\n<\/div>\n<\/div><\/section><\/div>\n\n<style type=\"text\/css\" data-created_by=\"avia_inline_auto\" id=\"style-css-av-11g6z-4cf4f8dcff25e832260eff1c8188148c\">\n.flex_column.av-11g6z-4cf4f8dcff25e832260eff1c8188148c{\nborder-radius:0px 0px 0px 0px;\npadding:0px 0px 0px 0px;\n}\n<\/style>\n<div  class='flex_column av-11g6z-4cf4f8dcff25e832260eff1c8188148c av_one_third  avia-builder-el-42  el_after_av_one_full  el_before_av_hr  first flex_column_div av-zero-column-padding  column-top-margin'     ><section  class='av_textblock_section av-lrrk9dl9-f2f3f4e4b0da55913e3d0eb98652f19a '   itemscope=\"itemscope\" itemtype=\"https:\/\/schema.org\/CreativeWork\" ><div class='avia_textblock'  itemprop=\"text\" ><header class=\"article__header\">\n<p class=\"article__date\"><strong><span style=\"font-size: 36pt;\">2020<\/span><\/strong><\/p>\n<\/header>\n<div class=\"block social-share__wrapper\">\n<div class=\"social-share\">\n<div class=\"social-share__item social-share__email\"><\/div>\n<\/div>\n<\/div>\n<\/div><\/section><\/div>\n<div  class='hr av-fbt63-00047cc3f6b0a20e9b845223b86854b3 hr-default  avia-builder-el-44  el_after_av_one_third  el_before_av_one_third '><span class='hr-inner '><span class=\"hr-inner-style\"><\/span><\/span><\/div>\n\n<style type=\"text\/css\" data-created_by=\"avia_inline_auto\" id=\"style-css-av-18efer-09b92210764ff104b603059f5f6972f1\">\n.flex_column.av-18efer-09b92210764ff104b603059f5f6972f1{\nborder-radius:0px 0px 0px 0px;\npadding:0px 0px 0px 0px;\n}\n<\/style>\n<div  class='flex_column av-18efer-09b92210764ff104b603059f5f6972f1 av_one_third  avia-builder-el-45  el_after_av_hr  el_before_av_two_third  first flex_column_div av-zero-column-padding  '     ><section  class='av_textblock_section av-15acor-0e0136fc47d481466c1a9446ef5169d5 '   itemscope=\"itemscope\" itemtype=\"https:\/\/schema.org\/CreativeWork\" ><div class='avia_textblock'  itemprop=\"text\" ><p><img loading=\"lazy\" decoding=\"async\" class=\"alignnone size-medium wp-image-8288 aligncenter\" src=\"https:\/\/ledfertyl.eu\/wp-content\/uploads\/2023\/10\/sperium-326157_1920-1024x724-1-300x212.jpg\" alt=\"\" width=\"300\" height=\"212\" srcset=\"https:\/\/ledfertyl.eu\/wp-content\/uploads\/2023\/10\/sperium-326157_1920-1024x724-1-300x212.jpg 300w, https:\/\/ledfertyl.eu\/wp-content\/uploads\/2023\/10\/sperium-326157_1920-1024x724-1-768x543.jpg 768w, https:\/\/ledfertyl.eu\/wp-content\/uploads\/2023\/10\/sperium-326157_1920-1024x724-1-260x185.jpg 260w, https:\/\/ledfertyl.eu\/wp-content\/uploads\/2023\/10\/sperium-326157_1920-1024x724-1-705x498.jpg 705w, https:\/\/ledfertyl.eu\/wp-content\/uploads\/2023\/10\/sperium-326157_1920-1024x724-1.jpg 1024w\" sizes=\"auto, (max-width: 300px) 100vw, 300px\" \/><\/p>\n<header class=\"article__header\"><\/header>\n<div class=\"block social-share__wrapper\">\n<div class=\"social-share\">\n<div class=\"social-share__item social-share__email\"><\/div>\n<\/div>\n<\/div>\n<\/div><\/section><\/div>\n\n<style type=\"text\/css\" data-created_by=\"avia_inline_auto\" id=\"style-css-av-845y3-791f3572bf616e9923c95e56928da119\">\n.flex_column.av-845y3-791f3572bf616e9923c95e56928da119{\nborder-radius:0px 0px 0px 0px;\npadding:0px 0px 0px 0px;\n}\n<\/style>\n<div  class='flex_column av-845y3-791f3572bf616e9923c95e56928da119 av_two_third  avia-builder-el-47  el_after_av_one_third  el_before_av_hr  flex_column_div av-zero-column-padding  '     ><section  class='av_textblock_section av-lm7us6xy-10199923a18bf0015727a20a48bc3f9c '   itemscope=\"itemscope\" itemtype=\"https:\/\/schema.org\/CreativeWork\" ><div class='avia_textblock'  itemprop=\"text\" ><header class=\"article__header\">\n<p class=\"article__date\">Font: Diari digital URV &#8211; 17\/11\/2020<br \/>\n <strong>Un estudi internacional analitzar\u00e0 com l&#8217;estil de vida i els factors ambientals afecten la infertilitat masculina<\/strong><br \/>\nPer continuar la investigaci\u00f3 calen voluntaris homes entre 18 i 40 anys. L&#8217;estudi est\u00e0 liderat per la Unitat de Nutrici\u00f3 Humana i pel Laboratori de Toxicologia i Salut Ambiental de la Universitat de la URV (TecnATox)<br \/>\n<a href=\"https:\/\/diaridigital.urv.cat\/es\/un-estudio-internacional-analizara-como-el-estilo-de-vida-y-los-factores-ambientales-afectan-a-la-infertilidad-masculina\/\">https:\/\/diaridigital.urv.cat\/es\/un-estudio-internacional-analizara-como-el-estilo-de-vida-y-los-factores-ambientales-afectan-a-la-infertilidad-masculina\/<\/a><\/p>\n<\/header>\n<div class=\"block social-share__wrapper\">\n<div class=\"social-share\">\n<div class=\"social-share__item social-share__email\"><\/div>\n<\/div>\n<\/div>\n<\/div><\/section><\/div>\n<div  class='hr av-x1dbv-da8626e59778c6427052d19c982bddc0 hr-default  avia-builder-el-49  el_after_av_two_third  el_before_av_two_third '><span class='hr-inner '><span class=\"hr-inner-style\"><\/span><\/span><\/div>\n\n<style type=\"text\/css\" data-created_by=\"avia_inline_auto\" id=\"style-css-av-sukbf-c1fea4b0189a3f31912b71822a1609eb\">\n.flex_column.av-sukbf-c1fea4b0189a3f31912b71822a1609eb{\nborder-radius:0px 0px 0px 0px;\npadding:0px 0px 0px 0px;\n}\n<\/style>\n<div  class='flex_column av-sukbf-c1fea4b0189a3f31912b71822a1609eb av_two_third  avia-builder-el-50  el_after_av_hr  el_before_av_one_third  first flex_column_div av-zero-column-padding  '     ><section  class='av_textblock_section av-ln1voist-40c71e64b78c5f4718656fb8770a7378 '   itemscope=\"itemscope\" itemtype=\"https:\/\/schema.org\/CreativeWork\" ><div class='avia_textblock'  itemprop=\"text\" ><header class=\"article__header\">\n<p class=\"article__date\">Font: Biotech &#8211; 18\/11\/2020<br \/>\n<strong>Un estudi internacional analitzar\u00e0 com l&#8217;estil de vida i els factors ambientals afecten la infertilitat masculina<br \/>\n<\/strong><\/p>\n<p>La infertilitat afecta aproximadament el 15% de la poblaci\u00f3 mundial i els factors masculins s\u00f3n responsables del 40-50% d&#8217;aquests casos. S\u00f3n m\u00faltiples les causes que podrien explicar la disminuci\u00f3 de la fertilitat en els homes: semblen contribuir en l&#8217;entorn i l&#8217;estil de vida, la contaminaci\u00f3 ambiental, el consum de tabac i\/o alcohol, abs\u00e8ncia d&#8217;activitat f\u00edsica, estr\u00e8s i dietes poc saludables gran mesura a la reducci\u00f3 de la fertilitat masculina. No obstant aix\u00f2, cap estudi no ha avaluat de manera conjunta tots aquests factors alhora. Ara, un grup investigador de la Unitat de Nutrici\u00f3 Humana i del Laboratori de Toxicologia i Salut Ambiental (TecnATox) de la URV lideren l&#8217;estudi LED-FERTYL (Lifestyle and environmental determinants of seminogrames and altres male fertility related parameters), que es troba ara en fase de reclutament de voluntaris homes entre 18 i 40 anys.<br \/>\nLa investigaci\u00f3 se centrar\u00e0 a estudiar par\u00e0metres de la qualitat de l&#8217;esperma, com ara la concentraci\u00f3, la motilitat o la morfologia, en 600 voluntaris. El reclutament de voluntaris i lestudi de mostres es far\u00e0 de manera coordinada i seguint un mateix protocol a Reus, Tarragona, Illes Balears, Estats Units i Pol\u00f2nia. Els resultats d&#8217;aquest treball van ser explicar com diferents factors de l&#8217;estil de vida, entre els quals destaquen l&#8217;alimentaci\u00f3, el sedentarisme o l&#8217;exposici\u00f3 a diversos contaminants mediambientals \u2013amb potencial de disrupci\u00f3 endocrina\u2013 poden afectar la fertilitat.<br \/>\n<a href=\"http:\/\/biotech-spain.com\/en\/articles\/un-estudio-internacional-analizar-c-mo-el-estilo-de-vida-y-los-factores-ambientales-afectan-a-la-infertilidad-masculina\/\">http:\/\/biotech-spain.com\/en\/articles\/un-estudio-internacional-analizar-c-mo-el-estilo-de-vida-y-los-factores-ambientales-afectan-a-la-infertilidad-masculina\/<\/a><\/p>\n<\/header>\n<div class=\"block social-share__wrapper\">\n<div class=\"social-share\">\n<div class=\"social-share__item social-share__email\"><\/div>\n<\/div>\n<\/div>\n<\/div><\/section><\/div>\n\n<style type=\"text\/css\" data-created_by=\"avia_inline_auto\" id=\"style-css-av-qjtx7-dbc2efd846fc7d562a6d7b957a703aa2\">\n.flex_column.av-qjtx7-dbc2efd846fc7d562a6d7b957a703aa2{\nborder-radius:0px 0px 0px 0px;\npadding:0px 0px 0px 0px;\n}\n<\/style>\n<div  class='flex_column av-qjtx7-dbc2efd846fc7d562a6d7b957a703aa2 av_one_third  avia-builder-el-52  el_after_av_two_third  el_before_av_hr  flex_column_div av-zero-column-padding  '     ><section  class='av_textblock_section av-ln8nhjkn-e0b2323616b44ee0e6a0310c8350cf21 '   itemscope=\"itemscope\" itemtype=\"https:\/\/schema.org\/CreativeWork\" ><div class='avia_textblock'  itemprop=\"text\" ><p><img loading=\"lazy\" decoding=\"async\" class=\"alignnone size-medium wp-image-8290 aligncenter\" src=\"https:\/\/ledfertyl.eu\/wp-content\/uploads\/2023\/10\/IMG_5914-1024x558-1-300x163.jpg\" alt=\"\" width=\"300\" height=\"163\" srcset=\"https:\/\/ledfertyl.eu\/wp-content\/uploads\/2023\/10\/IMG_5914-1024x558-1-300x163.jpg 300w, https:\/\/ledfertyl.eu\/wp-content\/uploads\/2023\/10\/IMG_5914-1024x558-1-768x419.jpg 768w, https:\/\/ledfertyl.eu\/wp-content\/uploads\/2023\/10\/IMG_5914-1024x558-1-705x384.jpg 705w, https:\/\/ledfertyl.eu\/wp-content\/uploads\/2023\/10\/IMG_5914-1024x558-1.jpg 1024w\" sizes=\"auto, (max-width: 300px) 100vw, 300px\" \/><\/p>\n<header class=\"article__header\"><\/header>\n<div class=\"block social-share__wrapper\">\n<div class=\"social-share\">\n<div class=\"social-share__item social-share__email\"><\/div>\n<\/div>\n<\/div>\n<\/div><\/section><\/div>\n<div  class='hr av-msst7-be889c1916b8eb0f076252348e7244d1 hr-default  avia-builder-el-54  el_after_av_one_third  el_before_av_one_full '><span class='hr-inner '><span class=\"hr-inner-style\"><\/span><\/span><\/div>\n\n<style type=\"text\/css\" data-created_by=\"avia_inline_auto\" id=\"style-css-av-jiuo3-240437d7df3e214e59b91f8783749a6b\">\n.flex_column.av-jiuo3-240437d7df3e214e59b91f8783749a6b{\nborder-radius:0px 0px 0px 0px;\npadding:0px 0px 0px 0px;\n}\n<\/style>\n<div  class='flex_column av-jiuo3-240437d7df3e214e59b91f8783749a6b av_one_full  avia-builder-el-55  el_after_av_hr  el_before_av_three_fourth  first flex_column_div av-zero-column-padding  '     ><section  class='av_textblock_section av-ln1vv3y0-2207cae48aefd7cf3dc4de4b7138940f '   itemscope=\"itemscope\" itemtype=\"https:\/\/schema.org\/CreativeWork\" ><div class='avia_textblock'  itemprop=\"text\" ><header class=\"article__header\">\n<p class=\"article__date\">Font: Aguaita.cat- 17\/11\/2020<br \/>\n<strong>La URV cerca voluntaris per analitzar l&#8217;origen de la infertilitat masculina<\/strong><br \/>\n<strong>Un estudi internacional analitzar\u00e0 la influ\u00e8ncia de l&#8217;estil de vida i els factors ambientals<\/strong><br \/>\n La infertilitat afecta aproximadament un 15% de la poblaci\u00f3 mundial i els factors masculins s\u00f3n responsables del 40-50% d&#8217;aquests casos. S\u00f3n m\u00faltiples les causes que podrien explicar la disminuci\u00f3 de la fertilitat als homes: l&#8217;entorn i l&#8217;estil de vida, la contaminaci\u00f3 ambiental, el consum de tabac i\/o alcohol, abs\u00e8ncia d&#8217;activitat f\u00edsica, estr\u00e8s i dietes poc saludables semblen contribuir en gran mesura a la reducci\u00f3 de la fertilitat masculina.<br \/>\nTot i aix\u00f2, cap estudi ha avaluat de manera conjunta tots aquests factors alhora. Ara, un grup investigador de la Unitat de Nutrici\u00f3 Humana i del Laboratori de Toxicologia i Salut Mediambiental (Tecnatox) de la URV lidera l&#8217;estudi LED-FERTYL (Lifestyle and environmental determinants de seminograms i altres mal fertilitats related parameters), que es troba ara en fase de reclutament de voluntaris homes dentre 18 i 40 anys.<br \/>\n<a href=\"https:\/\/www.aguaita.cat\/noticia\/19871\/urv-busca-voluntaris-analitzar-origen-infertilitat-masculina\">https:\/\/www.aguaita.cat\/noticia\/19871\/urv-busca-voluntaris-analitzar-origen-infertilitat-masculina<\/a><\/p>\n<\/header>\n<div class=\"block social-share__wrapper\">\n<div class=\"social-share\">\n<div class=\"social-share__item social-share__email\"><\/div>\n<\/div>\n<\/div>\n<\/div><\/section><\/div>\n\n<style type=\"text\/css\" data-created_by=\"avia_inline_auto\" id=\"style-css-av-flzoj-26535cb860986a5d412360494176d38e\">\n.flex_column.av-flzoj-26535cb860986a5d412360494176d38e{\nborder-radius:0px 0px 0px 0px;\npadding:0px 0px 0px 0px;\n}\n<\/style>\n<div  class='flex_column av-flzoj-26535cb860986a5d412360494176d38e av_three_fourth  avia-builder-el-57  el_after_av_one_full  el_before_av_one_fourth  first flex_column_div av-zero-column-padding  column-top-margin'     ><section  class='av_textblock_section av-9d8mr-94da484688b0b3ca40dfed6c1f49fe24 '   itemscope=\"itemscope\" itemtype=\"https:\/\/schema.org\/CreativeWork\" ><div class='avia_textblock'  itemprop=\"text\" ><header class=\"article__header\">\n<p class=\"article__date\">Font: M\u00f3nPlaneta &#8211; 17\/11\/2020<br \/>\n<strong>La URV lidera un estudi sobre estil de vida, factors ambientals i infertilitat masculina<\/strong><br \/>\n<strong>Es busquen 600 voluntaris homes d&#8217;entre 18 i 40 anys<\/strong><br \/>\n Un estudi internacional analitzar\u00e0 com l&#8217;estil de vida i els factors ambientals afecten la infertilitat masculina. La investigaci\u00f3 est\u00e0 liderada per la Unitat de Nutrici\u00f3 Humana i el Laboratori de Toxicologia i Salut Mental de la URV. La infertilitat afecta aproximadament un 15% de la poblaci\u00f3 mundial i els factors masculins s\u00f3n responsables del 40-50% d&#8217;aquests casos.<br \/>\nLes causes que poden influir en la disminuci\u00f3 de la fertilitat s\u00f3n m\u00faltiples -entorn i estil de vida, contaminaci\u00f3 ambiental, tabac i\/o alcohol, abs\u00e8ncia dactivitat f\u00edsica, estr\u00e8s i dietes poc saludables. Fins ara, per\u00f2, cap estudi ha avaluat de manera conjunta tots aquests factors alhora, segons la URV. Per continuar la recerca calen 600 homes d&#8217;entre 18 i 40 anys.<br \/>\nL&#8217;estudi, anomenat LED-FERTYL -Lifestyle and environmental determinants dels seminograms i altres mal fertilitats related parameters-, \u00e9s ara en fase de reclutament de voluntaris. La recerca es centrar\u00e0 a estudiar par\u00e0metres de la qualitat de l&#8217;esperma, com ara la concentraci\u00f3, la motilitat, o la morfologia, en 600 homes. El reclutament de voluntaris i l&#8217;estudi de mostres es far\u00e0 de manera coordinada i seguint un mateix protocol a Reus, Tarragona, Illes Balears, Estats Units i Pol\u00f2nia.<br \/>\nSegons s&#8217;informa des de la URV, els resultats d&#8217;aquest treball pretenen explicar com diferents factors de l&#8217;estil de vida, entre els quals destaquen l&#8217;alimentaci\u00f3, el sedentarisme o l&#8217;exposici\u00f3 a diversos contaminants mediambientals -amb potencial de disrupci\u00f3 endocrina-, poden afectar la fertilitat.<br \/>\n<a href=\"https:\/\/monplaneta.cat\/actualitat\/urv-lidera-estudi-sobre-estil-vida-factors-ambientals-infertilitat-masculina-22676\/\">https:\/\/monplaneta.cat\/actualitat\/urv-lidera-estudi-sobre-estil-vida-factors-ambientals-infertilitat-masculina-22676\/<\/a><\/p>\n<\/header>\n<div class=\"block social-share__wrapper\">\n<div class=\"social-share\">\n<div class=\"social-share__item social-share__email\"><\/div>\n<\/div>\n<\/div>\n<\/div><\/section><\/div>\n\n<style type=\"text\/css\" data-created_by=\"avia_inline_auto\" id=\"style-css-av-g6e8z-3db99e62d2f9593d55fd2b08e7503e68\">\n.flex_column.av-g6e8z-3db99e62d2f9593d55fd2b08e7503e68{\nborder-radius:0px 0px 0px 0px;\npadding:0px 0px 0px 0px;\n}\n<\/style>\n<div  class='flex_column av-g6e8z-3db99e62d2f9593d55fd2b08e7503e68 av_one_fourth  avia-builder-el-59  el_after_av_three_fourth  el_before_av_hr  flex_column_div av-zero-column-padding  column-top-margin'     ><section  class='av_textblock_section av-ln8nnpa8-a14f47a1dd5b9511225da1b2b3d395fa '   itemscope=\"itemscope\" itemtype=\"https:\/\/schema.org\/CreativeWork\" ><div class='avia_textblock'  itemprop=\"text\" ><p><img loading=\"lazy\" decoding=\"async\" class=\"alignnone size-medium wp-image-8292 aligncenter\" src=\"https:\/\/ledfertyl.eu\/wp-content\/uploads\/2023\/10\/espermatozous-5fb3abc30b600-300x270.jpg\" alt=\"\" width=\"300\" height=\"270\" srcset=\"https:\/\/ledfertyl.eu\/wp-content\/uploads\/2023\/10\/espermatozous-5fb3abc30b600-300x270.jpg 300w, https:\/\/ledfertyl.eu\/wp-content\/uploads\/2023\/10\/espermatozous-5fb3abc30b600-1030x927.jpg 1030w, https:\/\/ledfertyl.eu\/wp-content\/uploads\/2023\/10\/espermatozous-5fb3abc30b600-768x691.jpg 768w, https:\/\/ledfertyl.eu\/wp-content\/uploads\/2023\/10\/espermatozous-5fb3abc30b600-1536x1382.jpg 1536w, https:\/\/ledfertyl.eu\/wp-content\/uploads\/2023\/10\/espermatozous-5fb3abc30b600-1500x1350.jpg 1500w, https:\/\/ledfertyl.eu\/wp-content\/uploads\/2023\/10\/espermatozous-5fb3abc30b600-705x635.jpg 705w, https:\/\/ledfertyl.eu\/wp-content\/uploads\/2023\/10\/espermatozous-5fb3abc30b600.jpg 1600w\" sizes=\"auto, (max-width: 300px) 100vw, 300px\" \/><\/p>\n<header class=\"article__header\"><\/header>\n<div class=\"block social-share__wrapper\">\n<div class=\"social-share\">\n<div class=\"social-share__item social-share__email\"><\/div>\n<\/div>\n<\/div>\n<\/div><\/section><\/div>\n<div  class='hr av-qyvn-05c8c6892d19bdb05eb2894badfb2597 hr-default  avia-builder-el-61  el_after_av_one_fourth  el_before_av_one_full '><span class='hr-inner '><span class=\"hr-inner-style\"><\/span><\/span><\/div>\n\n<style type=\"text\/css\" data-created_by=\"avia_inline_auto\" id=\"style-css-av-f6kwb-f1af523a2d1e65cb6906c122a2370b29\">\n.flex_column.av-f6kwb-f1af523a2d1e65cb6906c122a2370b29{\nborder-radius:0px 0px 0px 0px;\npadding:0px 0px 0px 0px;\n}\n<\/style>\n<div  class='flex_column av-f6kwb-f1af523a2d1e65cb6906c122a2370b29 av_one_full  avia-builder-el-62  el_after_av_hr  el_before_av_hr  first flex_column_div av-zero-column-padding  '     ><section  class='av_textblock_section av-ar45n-17957dbb9179b9b887120f1a2ca3f8a4 '   itemscope=\"itemscope\" itemtype=\"https:\/\/schema.org\/CreativeWork\" ><div class='avia_textblock'  itemprop=\"text\" ><header class=\"article__header\">\n<p class=\"article__date\">Font: La Vanguardia (Societat) &#8211; 17\/11\/2020<br \/>\n<strong>La URV lidera un estudi internacional sobre la infertilitat masculina<\/strong><br \/>\n El reclutament de voluntaris i lestudi de mostres es far\u00e0 de manera coordinada i seguint un mateix protocol a Reus, Tarragona, Illes Balears, Estats Units i Pol\u00f2nia.<br \/>\nL&#8217;objectiu \u00e9s saber com diferents factors de l&#8217;estil de vida, entre els quals destaquen l&#8217;alimentaci\u00f3, el sedentarisme o l&#8217;exposici\u00f3 a diversos contaminants mediambientals, poden afectar la fertilitat.<br \/>\nPer als investigadors, entendre quins s\u00f3n l&#8217;entorn i l&#8217;estil de vida i com aquestes interaccions podrien afectar la salut reproductiva \u00e9s fonamental per establir estrat\u00e8gies eficaces de prevenci\u00f3.<br \/>\n<a href=\"https:\/\/www.lavanguardia.com\/vida\/20201117\/49524838827\/la-urv-lidera-un-estudio-internacional-sobre-la-infertilidad-masculina.html\">https:\/\/diaridigital.urv.cat\/es\/un-estudio-internacional-analizara-como-el-estilo-de-vida-y-los-factores-ambientales-afectan-a-la-infertilidad-masculina\/<\/a><\/p>\n<\/header>\n<div class=\"block social-share__wrapper\">\n<div class=\"social-share\">\n<div class=\"social-share__item social-share__email\"><\/div>\n<\/div>\n<\/div>\n<\/div><\/section><\/div>\n<div  class='hr av-8h0wr-12868fa8ac5036004a2ce1ecfb515452 hr-default  avia-builder-el-64  el_after_av_one_full  avia-builder-el-last '><span class='hr-inner '><span class=\"hr-inner-style\"><\/span><\/span><\/div>\n","protected":false},"excerpt":{"rendered":"","protected":false},"author":1,"featured_media":0,"parent":0,"menu_order":0,"comment_status":"closed","ping_status":"closed","template":"","meta":{"footnotes":""},"class_list":["post-8497","page","type-page","status-publish","hentry"],"_links":{"self":[{"href":"https:\/\/ledfertyl.eu\/ca\/wp-json\/wp\/v2\/pages\/8497","targetHints":{"allow":["GET"]}}],"collection":[{"href":"https:\/\/ledfertyl.eu\/ca\/wp-json\/wp\/v2\/pages"}],"about":[{"href":"https:\/\/ledfertyl.eu\/ca\/wp-json\/wp\/v2\/types\/page"}],"author":[{"embeddable":true,"href":"https:\/\/ledfertyl.eu\/ca\/wp-json\/wp\/v2\/users\/1"}],"replies":[{"embeddable":true,"href":"https:\/\/ledfertyl.eu\/ca\/wp-json\/wp\/v2\/comments?post=8497"}],"version-history":[{"count":24,"href":"https:\/\/ledfertyl.eu\/ca\/wp-json\/wp\/v2\/pages\/8497\/revisions"}],"predecessor-version":[{"id":9232,"href":"https:\/\/ledfertyl.eu\/ca\/wp-json\/wp\/v2\/pages\/8497\/revisions\/9232"}],"wp:attachment":[{"href":"https:\/\/ledfertyl.eu\/ca\/wp-json\/wp\/v2\/media?parent=8497"}],"curies":[{"name":"wp","href":"https:\/\/api.w.org\/{rel}","templated":true}]}}